{"id":2113,"date":"2021-03-09T22:09:16","date_gmt":"2021-03-09T21:09:16","guid":{"rendered":"https:\/\/ayconhotels.com\/?page_id=2113"},"modified":"2021-07-09T15:40:46","modified_gmt":"2021-07-09T14:40:46","slug":"sveti-stefan","status":"publish","type":"page","link":"https:\/\/ayconhotels.com\/me\/sveti-stefan\/","title":{"rendered":"Sveti Stefan"},"content":{"rendered":"<p>[et_pb_section fb_built=&#8221;1&#8243; fullwidth=&#8221;on&#8221; _builder_version=&#8221;4.9.0&#8243; _module_preset=&#8221;default&#8221; da_disable_devices=&#8221;off|off|off&#8221; da_is_popup=&#8221;off&#8221; da_exit_intent=&#8221;off&#8221; da_has_close=&#8221;on&#8221; da_alt_close=&#8221;off&#8221; da_dark_close=&#8221;off&#8221; da_not_modal=&#8221;on&#8221; da_is_singular=&#8221;off&#8221; da_with_loader=&#8221;off&#8221; da_has_shadow=&#8221;on&#8221;][et_pb_fullwidth_slider _builder_version=&#8221;4.9.3&#8243; _module_preset=&#8221;default&#8221; min_height=&#8221;645.2px&#8221;][et_pb_slide heading=&#8221;Hotels in SVETI STEFAN&#8221; use_bg_overlay=&#8221;on&#8221; bg_overlay_color=&#8221;RGBA(0,0,0,0.2)&#8221; use_text_overlay=&#8221;off&#8221; _builder_version=&#8221;4.9.3&#8243; _module_preset=&#8221;default&#8221; header_level=&#8221;h2&#8243; header_font=&#8221;Book Antiqua||||||||&#8221; header_font_size=&#8221;60px&#8221; background_color=&#8221;RGBA(0,0,0,0.2)&#8221; background_enable_color=&#8221;on&#8221; background_image=&#8221;https:\/\/ayconhotels.com\/wp-content\/uploads\/2021\/04\/view-beauty-sunset-sveti-stefan-small-islet-resort-montenegro.jpg&#8221; background_enable_image=&#8221;on&#8221; header_font_size_tablet=&#8221;&#8221; header_font_size_phone=&#8221;35px&#8221; header_font_size_last_edited=&#8221;on|phone&#8221; sticky_transition=&#8221;on&#8221;][\/et_pb_slide][\/et_pb_fullwidth_slider][\/et_pb_section][et_pb_section fb_built=&#8221;1&#8243; custom_padding_last_edited=&#8221;on|phone&#8221; _builder_version=&#8221;4.9.1&#8243; _module_preset=&#8221;default&#8221; min_height=&#8221;673px&#8221; custom_margin_tablet=&#8221;&#8221; custom_margin_phone=&#8221;0px||0px||false|false&#8221; custom_margin_last_edited=&#8221;on|phone&#8221; custom_padding=&#8221;0px||1px|||&#8221; custom_padding_tablet=&#8221;&#8221; custom_padding_phone=&#8221;0px||0px||false|false&#8221; da_disable_devices=&#8221;off|off|off&#8221; da_is_popup=&#8221;off&#8221; da_exit_intent=&#8221;off&#8221; da_has_close=&#8221;on&#8221; da_alt_close=&#8221;off&#8221; da_dark_close=&#8221;off&#8221; da_not_modal=&#8221;on&#8221; da_is_singular=&#8221;off&#8221; da_with_loader=&#8221;off&#8221; da_has_shadow=&#8221;on&#8221;][et_pb_row custom_padding_last_edited=&#8221;on|phone&#8221; _builder_version=&#8221;4.9.1&#8243; _module_preset=&#8221;default&#8221; width=&#8221;70%&#8221; width_tablet=&#8221;&#8221; width_phone=&#8221;96%&#8221; width_last_edited=&#8221;on|phone&#8221; max_width=&#8221;100%&#8221; custom_padding_tablet=&#8221;&#8221; custom_padding_phone=&#8221;20px||15px||false|false&#8221; locked=&#8221;off&#8221;][et_pb_column type=&#8221;4_4&#8243; _builder_version=&#8221;4.9.0&#8243; _module_preset=&#8221;default&#8221;][et_pb_text _builder_version=&#8221;4.9.1&#8243; _module_preset=&#8221;default&#8221; text_text_color=&#8221;gcid-cc58e029-1f65-49cb-838f-a75ff8234bb2&#8243; header_font=&#8221;Book Antiqua|700|||||||&#8221; header_text_align=&#8221;center&#8221; header_text_color=&#8221;gcid-cc58e029-1f65-49cb-838f-a75ff8234bb2&#8243; custom_margin_tablet=&#8221;&#8221; custom_margin_phone=&#8221;||10px||false|false&#8221; custom_margin_last_edited=&#8221;on|phone&#8221; custom_padding_tablet=&#8221;&#8221; custom_padding_phone=&#8221;||0px||false|false&#8221; custom_padding_last_edited=&#8221;on|phone&#8221; global_colors_info=&#8221;{%22gcid-cc58e029-1f65-49cb-838f-a75ff8234bb2%22:%91%22header_text_color%22%93}&#8221;]<\/p>\n<h1>Istra\u017eite Sveti Stefan<\/h1>\n<p>[\/et_pb_text][et_pb_tabs active_tab_background_color=&#8221;#001d4a&#8221; active_tab_text_color=&#8221;#FFFFFF&#8221; _builder_version=&#8221;4.9.3&#8243; _module_preset=&#8221;default&#8221; tab_text_color=&#8221;#001d4a&#8221; body_text_color=&#8221;gcid-cc58e029-1f65-49cb-838f-a75ff8234bb2&#8243; tab_font=&#8221;Book Antiqua||||||||&#8221; tab_font_size=&#8221;18px&#8221; hover_enabled=&#8221;0&#8243; global_colors_info=&#8221;{%22gcid-cc58e029-1f65-49cb-838f-a75ff8234bb2%22:%91%22body_text_color%22%93}&#8221; sticky_enabled=&#8221;0&#8243;][et_pb_tab title=&#8221;Guide to St. Stefan&#8221; _builder_version=&#8221;4.9.2&#8243; _module_preset=&#8221;default&#8221; body_text_color=&#8221;gcid-cc58e029-1f65-49cb-838f-a75ff8234bb2&#8243; global_colors_info=&#8221;{%22gcid-cc58e029-1f65-49cb-838f-a75ff8234bb2%22:%91%22body_text_color%22%93}&#8221;]<\/p>\n<p class=\"translation-block\">Ovo malo ostrvo-tvr\u0111ava danas je jedno od najromanti\u010dnijih destinacija za bjekstvo od svakodnevice u Evropi. Sveti Stefan je neobi\u010dno mjesto stvoreno na jedinstven na\u010din. Ponosno stoji na litici stjenovitog ostrva, a pje\u0161\u010danom prevlakom je povezan sa kopnom.<\/p>\n<p class=\"translation-block\">Ostrvo ima obalu od 2 kilometra (1,2 milje) koja se nalazi u sredi\u0161njem dijelu jadranske obale Crne Gore. Smje\u0161teno je ju\u017eno od Budve, izme\u0111u varo\u0161i Pr\u017eno i Svetog Stefana. Ru\u017ei\u010daste, pje\u0161\u010dane pla\u017ee Sveti Stefan, Milo\u010der i Kralji\u010dina pla\u017ea su najljep\u0161i dio obale.<\/p>\n<p class=\"translation-block\">Sveti Stefan je tako\u0111e ime varo\u0161i koja je nikla na kopnu. Sa strmih padina ove varo\u0161i mo\u017eete se diviti kultnom ostrvu. Od svih znamenitosti du\u017e jadranske obale, Sveti Stefan je najneobi\u010dnija. Zbog toga i ne iznena\u0111uje za\u0161to je imenovan kao najfotografisanije mjesto u Crnoj Gori.<\/p>\n<p class=\"translation-block\">Pomislite - samo vi, zvuk vjetra i nekoliko morskih ptica u va\u0161em dru\u0161tvu i negdje u ovim divljim mislima  miri\u0161e jutarnja kafa.<\/p>\n<p>[\/et_pb_tab][et_pb_tab title=&#8221;Beaches&#8221; content_tablet=&#8221;<\/p>\n<p><strong><img src=\"%22https:\/\/ayconhotels.com\/wp-content\/uploads\/2021\/04\/Plaza-Sveti-Stefan-300x169.jpg%22\" width=\"%22300%22\" height=\"%22169%22\" alt=\"%22%22\" class=\"%22wp-image-4226\" alignleft size-medium%22 \/><\/strong><\/p>\n<p><strong>Pla\u017ea Sveti Stefan<\/strong><\/p>\n<p><span>Dvije pje\u0161\u010dane pla\u017ee ukupne du\u017eine oko 600 metara, razdvojene tombolom, koja vodi do starog grada Svetog Stefana, osnovanog krajem XV vijeka, nesvakida\u0161nja su prirodna pojava u cijelom svijetu. Ova cjelina predstavlja najeksluzivniji dio crnogorskog primorja. Crvenkasto-zlatni pijesak i prozirno plavo-tirkizno more, stvaraju utisak apsolutnog u\u017eivanja. Pored pla\u017ee je \u0161etali\u0161te sa palmama, oleandrima, i starim maslina nevjerovatnih stabala.<\/span><\/p>\n<p><strong><img src=\"%22https:\/\/ayconhotels.com\/wp-content\/uploads\/2021\/04\/Kraljicina-plaza-300x169.jpg%22\" width=\"%22300%22\" height=\"%22169%22\" alt=\"%22%22\" class=\"%22wp-image-4227\" alignleft size-medium%22 \/><\/strong><strong>Kralji\u010dina pla\u017ea<\/strong><\/p>\n<p>Kralji\u010dina pla\u017ea<span> ili Mala pla\u017ea je najljep\u0161a pla\u017ea na Jadranu za mnoge turiste. U\u0161u\u0161kana u malom zalivu i okru\u017een \u010duvenom milo\u010derskom \u0161umom, odi\u0161e istinskim mirisom Mediterana. Duga\u010dka je oko 120 metara i prekrivena sitnim peskom i \u0161ljunkom, pome\u0161anim sa \u0161koljkama, koje su isprane na obalu mora. Ime je dobila po jugoslovenskoj kraljici Mariji Kara\u0111or\u0111evic\u0301.<\/span><\/p>\n<p><span><\/span><\/p>\n<p><strong><img src=\"%22https:\/\/ayconhotels.com\/wp-content\/uploads\/2021\/04\/beach-galija-300x169.jpg%22\" width=\"%22300%22\" height=\"%22169%22\" alt=\"%22%22\" class=\"%22wp-image-4228\" alignleft size-medium%22 \/><\/strong><strong>Galija<\/strong><\/p>\n<p><span>\u201cRed hill\u201d beach is separated from eastern St. Stephen&#8217;s Beach by a small hill. It is about 500 meters long. In one part it is sandy, and in the other part the rocky and sandy parts alternate. It was named after the hill located above, made of red rocks. It offers a beautiful view of the old town of St. Stefan, the island of St. Nikola and the open sea.<\/span><\/p>\n<p><span><\/span><\/p>\n<p><span><\/span><\/p>\n<p><b><img src=\"%22https:\/\/ayconhotels.com\/wp-content\/uploads\/2021\/04\/Przno-beach-300x169.jpg%22\" width=\"%22300%22\" height=\"%22169%22\" alt=\"%22%22\" class=\"%22wp-image-4225\" alignleft size-medium%22 \/><\/b><b>Pr\u017eno<\/b><\/p>\n<p>Staro ribarsko naselje Pr\u017eno, kamene ku\u0107e, pje\u0161\u010dana pla\u017ea duga oko 260 metara, ribarske barke u uvali, i ostrvce Kr\u0161i\u0107, samo 50 metara udaljeno od naselja, sa\u010dinjavaju autenti\u010dan ambijent koji odi\u0161e tradicijom i autentno\u0161\u0107u. Od pla\u017ee Pr\u017eno do ostrva Sveti Stefan se dolazi \u0161etali\u0161tem kroz \u0161umu.<\/p>\n<p>&#8221; content_phone=&#8221;<\/p>\n<p><strong><img src=\"%22https:\/\/ayconhotels.com\/wp-content\/uploads\/2021\/04\/Plaza-Sveti-Stefan-300x169.jpg%22\" width=\"%22300%22\" height=\"%22169%22\" alt=\"%22%22\" class=\"%22wp-image-4226\" alignleft size-medium%22 \/><\/strong><\/p>\n<p><strong><\/strong><\/p>\n<p><strong><\/strong><\/p>\n<p><strong><\/strong><\/p>\n<p><strong><\/strong><\/p>\n<p><strong><\/strong><\/p>\n<p><strong><\/strong><\/p>\n<p><strong><\/strong><\/p>\n<p><strong><\/strong><\/p>\n<p><strong><\/strong><\/p>\n<p><strong><\/strong><\/p>\n<p><strong>Pla\u017ea Sveti Stefan<\/strong><\/p>\n<p><span>Dvije pje\u0161\u010dane pla\u017ee ukupne du\u017eine oko 600 metara, razdvojene tombolom, koja vodi do starog grada Svetog Stefana, osnovanog krajem XV vijeka, nesvakida\u0161nja su prirodna pojava u cijelom svijetu. Ova cjelina predstavlja najeksluzivniji dio crnogorskog primorja. Crvenkasto-zlatni pijesak i prozirno plavo-tirkizno more, stvaraju utisak apsolutnog u\u017eivanja. Pored pla\u017ee je \u0161etali\u0161te sa palmama, oleandrima, i starim maslina nevjerovatnih stabala.<\/span><\/p>\n<p><strong><img src=\"%22https:\/\/ayconhotels.com\/wp-content\/uploads\/2021\/04\/Kraljicina-plaza-300x169.jpg%22\" width=\"%22300%22\" height=\"%22169%22\" alt=\"%22%22\" class=\"%22wp-image-4227\" alignleft size-medium%22 \/><\/strong><strong><\/strong><\/p>\n<p><strong><\/strong><\/p>\n<p><strong><\/strong><\/p>\n<p><strong><\/strong><\/p>\n<p><strong><\/strong><\/p>\n<p><strong><\/strong><\/p>\n<p><strong><\/strong><\/p>\n<p><strong><\/strong><\/p>\n<p><strong><\/strong><\/p>\n<p><strong><\/strong><\/p>\n<p><strong><\/strong><\/p>\n<p><strong>Kralji\u010dina pla\u017ea<\/strong><\/p>\n<p>Kralji\u010dina pla\u017ea<span> ili Mala pla\u017ea je najljep\u0161a pla\u017ea na Jadranu za mnoge turiste. U\u0161u\u0161kana u malom zalivu i okru\u017een \u010duvenom milo\u010derskom \u0161umom, odi\u0161e istinskim mirisom Mediterana. Duga\u010dka je oko 120 metara i prekrivena sitnim peskom i \u0161ljunkom, pome\u0161anim sa \u0161koljkama, koje su isprane na obalu mora. Ime je dobila po jugoslovenskoj kraljici Mariji Kara\u0111or\u0111evic\u0301.<\/span><\/p>\n<p><span><\/span><\/p>\n<p><strong><img src=\"%22https:\/\/ayconhotels.com\/wp-content\/uploads\/2021\/04\/beach-galija-300x169.jpg%22\" width=\"%22300%22\" height=\"%22169%22\" alt=\"%22%22\" class=\"%22wp-image-4228\" alignleft size-medium%22 \/><\/strong><strong><\/strong><\/p>\n<p><strong><\/strong><\/p>\n<p><strong><\/strong><\/p>\n<p><strong><\/strong><\/p>\n<p><strong><\/strong><\/p>\n<p><strong><\/strong><\/p>\n<p><strong><\/strong><\/p>\n<p><strong><\/strong><\/p>\n<p><strong><\/strong><\/p>\n<p><strong><\/strong><\/p>\n<p><strong><\/strong><\/p>\n<p><strong>Galija<\/strong><\/p>\n<p><span>\u201cRed hill\u201d beach is separated from eastern St. Stephen&#8217;s Beach by a small hill. It is about 500 meters long. In one part it is sandy, and in the other part the rocky and sandy parts alternate. It was named after the hill located above, made of red rocks. It offers a beautiful view of the old town of St. Stefan, the island of St. Nikola and the open sea.<\/span><\/p>\n<p><span><\/span><\/p>\n<p><span><\/span><\/p>\n<p><b><img src=\"%22https:\/\/ayconhotels.com\/wp-content\/uploads\/2021\/04\/Przno-beach-300x169.jpg%22\" width=\"%22300%22\" height=\"%22169%22\" alt=\"%22%22\" class=\"%22wp-image-4225\" alignleft size-medium%22 \/><\/b><b><\/b><\/p>\n<p><b><\/b><\/p>\n<p><b><\/b><\/p>\n<p><b><\/b><\/p>\n<p><b><\/b><\/p>\n<p><b><\/b><\/p>\n<p><b><\/b><\/p>\n<p><b><\/b><\/p>\n<p><b><\/b><\/p>\n<p><b><\/b><\/p>\n<p><b><\/b><\/p>\n<p><b>Pr\u017eno<\/b><\/p>\n<p>Staro ribarsko naselje Pr\u017eno, kamene ku\u0107e, pje\u0161\u010dana pla\u017ea duga oko 260 metara, ribarske barke u uvali, i ostrvce Kr\u0161i\u0107, samo 50 metara udaljeno od naselja, sa\u010dinjavaju autenti\u010dan ambijent koji odi\u0161e tradicijom i autentno\u0161\u0107u. Od pla\u017ee Pr\u017eno do ostrva Sveti Stefan se dolazi \u0161etali\u0161tem kroz \u0161umu.<\/p>\n<p>&#8221; content_last_edited=&#8221;off|desktop&#8221; _builder_version=&#8221;4.9.6&#8243; _module_preset=&#8221;default&#8221; body_text_color=&#8221;gcid-cc58e029-1f65-49cb-838f-a75ff8234bb2&#8243; hover_enabled=&#8221;0&#8243; global_colors_info=&#8221;{%22gcid-cc58e029-1f65-49cb-838f-a75ff8234bb2%22:%91%22body_text_color%22%93}&#8221; sticky_enabled=&#8221;0&#8243;]<\/p>\n<p><strong><img loading=\"lazy\" decoding=\"async\" src=\"https:\/\/ayconhotels.com\/wp-content\/uploads\/2021\/04\/Plaza-Sveti-Stefan-300x169.jpg\" width=\"300\" height=\"169\" alt=\"\" class=\"wp-image-4226 alignleft size-medium\" \/><\/strong><strong>Pla\u017ea Sveti Stefan<\/strong><\/p>\n<p><span>Dvije pje\u0161\u010dane pla\u017ee ukupne du\u017eine oko 600 metara, razdvojene tombolom, koja vodi do starog grada Svetog Stefana, osnovanog krajem XV vijeka, nesvakida\u0161nja su prirodna pojava u cijelom svijetu. Ova cjelina predstavlja najeksluzivniji dio crnogorskog primorja. Crvenkasto-zlatni pijesak i prozirno plavo-tirkizno more, stvaraju utisak apsolutnog u\u017eivanja. Pored pla\u017ee je \u0161etali\u0161te sa palmama, oleandrima, i starim maslina nevjerovatnih stabala.<\/span><\/p>\n<p><span><\/span><\/p>\n<p><strong><img loading=\"lazy\" decoding=\"async\" src=\"https:\/\/ayconhotels.com\/wp-content\/uploads\/2021\/04\/Kraljicina-plaza-300x169.jpg\" width=\"300\" height=\"169\" alt=\"\" class=\"wp-image-4227 alignleft size-medium\" \/><\/strong><strong>Kralji\u010dina pla\u017ea<\/strong><\/p>\n<p>Kralji\u010dina pla\u017ea<span> ili Mala pla\u017ea je najljep\u0161a pla\u017ea na Jadranu za mnoge turiste. U\u0161u\u0161kana u malom zalivu i okru\u017een \u010duvenom milo\u010derskom \u0161umom, odi\u0161e istinskim mirisom Mediterana. Duga\u010dka je oko 120 metara i prekrivena sitnim peskom i \u0161ljunkom, pome\u0161anim sa \u0161koljkama, koje su isprane na obalu mora. Ime je dobila po jugoslovenskoj kraljici Mariji Kara\u0111or\u0111evic\u0301.<\/span><\/p>\n<p><span><\/span><\/p>\n<p><span><\/span><\/p>\n<p><span><\/span><\/p>\n<p><strong><img loading=\"lazy\" decoding=\"async\" src=\"https:\/\/ayconhotels.com\/wp-content\/uploads\/2021\/04\/beach-galija-300x169.jpg\" width=\"300\" height=\"169\" alt=\"\" class=\"wp-image-4228 alignleft size-medium\" \/><\/strong><strong>Galija<\/strong><\/p>\n<p><span>\u201cRed hill\u201d beach is separated from eastern St. Stephen&#8217;s Beach by a small hill. It is about 500 meters long. In one part it is sandy, and in the other part the rocky and sandy parts alternate. It was named after the hill located above, made of red rocks. It offers a beautiful view of the old town of St. Stefan, the island of St. Nikola and the open sea.<\/span><\/p>\n<p><span><\/span><\/p>\n<p><span><\/span><\/p>\n<p><span><\/span><\/p>\n<p><b><img loading=\"lazy\" decoding=\"async\" src=\"https:\/\/ayconhotels.com\/wp-content\/uploads\/2021\/04\/Przno-beach-300x169.jpg\" width=\"300\" height=\"169\" alt=\"\" class=\"wp-image-4225 alignleft size-medium\" \/><\/b><b>Pr\u017eno<\/b><\/p>\n<p>Staro ribarsko naselje Pr\u017eno, kamene ku\u0107e, pje\u0161\u010dana pla\u017ea duga oko 260 metara, ribarske barke u uvali, i ostrvce Kr\u0161i\u0107, samo 50 metara udaljeno od naselja, sa\u010dinjavaju autenti\u010dan ambijent koji odi\u0161e tradicijom i autentno\u0161\u0107u. Od pla\u017ee Pr\u017eno do ostrva Sveti Stefan se dolazi \u0161etali\u0161tem kroz \u0161umu.<\/p>\n<p>[\/et_pb_tab][et_pb_tab title=&#8221;Events&#8221; content_tablet=&#8221;<\/p>\n<p><strong><img src=\"%22https:\/\/ayconhotels.com\/wp-content\/uploads\/2021\/03\/karneval.jpg%22\" width=\"%22300%22\" height=\"%22169%22\" alt=\"%22%22\" class=\"%22wp-image-1330\" alignleft size-full%22 \/>Budvanski Karneval<\/strong><\/p>\n<p>Budvanski karneval je bogata manifestacija sa nizom sve\u010danosti i priredbi nalik kotorskim fe\u0161tama. Odra\u017eava se u toku maja mjeseca u Budvi.<\/p>\n<\/p>\n<p><strong><img src=\"%22https:\/\/ayconhotels.com\/wp-content\/uploads\/2021\/03\/grad.jpg%22\" width=\"%22300%22\" height=\"%22169%22\" alt=\"%22%22\" class=\"%22wp-image-1329\" alignleft size-full%22 \/>Grad Teatar<\/strong><\/p>\n<p>Budva is known for the cultural event City Theater, which is synonymous for the life of theatre of the Montenegrin coast during the summer. City Theater lasts  for 20 years, usually starts  in July and ends in mid-August. Beside the theatre, it is possible to get to know local music and art  through this festival.<\/p>\n<\/p>\n<p><strong><img src=\"%22https:\/\/ayconhotels.com\/wp-content\/uploads\/2021\/03\/kotor.jpg%22\" width=\"%22300%22\" height=\"%22169%22\" alt=\"%22%22\" class=\"%22wp-image-1327\" alignleft size-full%22 \/><\/strong><strong>Boke\u0161ka no\u0107<br \/><\/strong><\/p>\n<p>Bokeljska no\u0107, ili izvorno Boke\u0161ka no\u0107, je tradicionalna sve\u010danost koja se odr\u017eava u Kotoru svake godine, u drugoj polovini avgusta. Ova jedinstvena manifestacija, svojstvena maskenbalu, predstavlja tradiciju i moderno pristupanje organizovanju manifestacija na moru.<\/p>\n<p>The aim of this event is to maintain the tradition of depicting coastal life. Also, the event has a competitive character, and the most beautiful and creative %22masks%22 are being chosen at the final parade. The town of Kotor is only 18 kilometers away from Budva.<\/p>\n<\/p>\n<p><strong><img src=\"%22https:\/\/ayconhotels.com\/wp-content\/uploads\/2021\/03\/Dan-siruna-Budva.jpg%22\" width=\"%22300%22\" height=\"%22169%22\" alt=\"%22%22\" class=\"%22wp-image-1328\" alignleft size-full%22 \/>Dan \u0160iruna<\/strong><\/p>\n<p>Jedna  od najstarijih budvanskih manifestacija, fe\u0161ta od ribe, vina i zabave jeste Dan \u0160iruna. Odr\u017eava se svake godine po\u010detkom oktobra, ispred zidina Starog grada.<\/p>\n<p>&#8221; content_phone=&#8221;<\/p>\n<p><strong><img src=\"%22https:\/\/ayconhotels.com\/wp-content\/uploads\/2021\/03\/karneval.jpg%22\" width=\"%22300%22\" height=\"%22169%22\" alt=\"%22%22\" class=\"%22wp-image-1330\" alignleft size-full%22 \/><\/strong><\/p>\n<p><strong><\/strong><\/p>\n<p><strong><\/strong><\/p>\n<p><strong><\/strong><\/p>\n<p><strong><\/strong><\/p>\n<p><strong><\/strong><\/p>\n<p><strong><\/strong><\/p>\n<p><strong><\/strong><\/p>\n<p><strong><\/strong><\/p>\n<p><strong><\/strong><\/p>\n<p><strong><\/strong><\/p>\n<p><strong>Budvanski Karneval<\/strong><\/p>\n<p>Budvanski karneval je bogata manifestacija sa nizom sve\u010danosti i priredbi nalik kotorskim fe\u0161tama. Odra\u017eava se u toku maja mjeseca u Budvi.<\/p>\n<\/p>\n<p><strong><img src=\"%22https:\/\/ayconhotels.com\/wp-content\/uploads\/2021\/03\/grad.jpg%22\" width=\"%22300%22\" height=\"%22169%22\" alt=\"%22%22\" class=\"%22wp-image-1329\" alignleft size-full%22 \/><\/strong><\/p>\n<p><strong><\/strong><\/p>\n<p><strong><\/strong><\/p>\n<p><strong><\/strong><\/p>\n<p><strong><\/strong><\/p>\n<p><strong><\/strong><\/p>\n<p><strong><\/strong><\/p>\n<p><strong><\/strong><\/p>\n<p><strong><\/strong><\/p>\n<p><strong><\/strong><\/p>\n<p><strong><\/strong><\/p>\n<p><strong>Grad Teatar<\/strong><\/p>\n<p>Budva je poznata po kulturnoj manifestaciji Grad teatar, koji je sinonim za pozori\u0161ni \u017eivot crnogorskog primorja tokom ljeta. Grad teatar traje ve\u0107 20 godina, obi\u010dno po\u010dinje u julu a zavr\u0161ava se sredinom avgusta. Osim pozori\u0161ta mogu\u0107e je upoznati i lokalno muzi\u010dko i likovno stvarala\u0161tvo.<\/p>\n<\/p>\n<p><strong><img src=\"%22https:\/\/ayconhotels.com\/wp-content\/uploads\/2021\/03\/kotor.jpg%22\" width=\"%22300%22\" height=\"%22169%22\" alt=\"%22%22\" class=\"%22wp-image-1327\" alignleft size-full%22 \/><\/strong><strong><\/strong><\/p>\n<p><strong><\/strong><\/p>\n<p><strong><\/strong><\/p>\n<p><strong><\/strong><\/p>\n<p><strong><\/strong><\/p>\n<p><strong><\/strong><\/p>\n<p><strong><\/strong><\/p>\n<p><strong><\/strong><\/p>\n<p><strong><\/strong><\/p>\n<p><strong><\/strong><\/p>\n<p><strong><\/strong><\/p>\n<p><strong>Boke\u0161ka no\u0107<br \/><\/strong><\/p>\n<p>Bokeljska no\u0107, ili izvorno Boke\u0161ka no\u0107, je tradicionalna sve\u010danost koja se odr\u017eava u Kotoru svake godine, u drugoj polovini avgusta. Ova jedinstvena manifestacija, svojstvena maskenbalu, predstavlja tradiciju i moderno pristupanje organizovanju manifestacija na moru.<\/p>\n<p>The aim of this event is to maintain the tradition of depicting coastal life. Also, the event has a competitive character, and the most beautiful and creative %22masks%22 are being chosen at the final parade. The town of Kotor is only 18 kilometers away from Budva.<\/p>\n<\/p>\n<p><strong><img src=\"%22https:\/\/ayconhotels.com\/wp-content\/uploads\/2021\/03\/Dan-siruna-Budva.jpg%22\" width=\"%22300%22\" height=\"%22169%22\" alt=\"%22%22\" class=\"%22wp-image-1328\" alignleft size-full%22 \/><\/strong><\/p>\n<p><strong><\/strong><\/p>\n<p><strong><\/strong><\/p>\n<p><strong><\/strong><\/p>\n<p><strong><\/strong><\/p>\n<p><strong><\/strong><\/p>\n<p><strong><\/strong><\/p>\n<p><strong><\/strong><\/p>\n<p><strong><\/strong><\/p>\n<p><strong><\/strong><\/p>\n<p><strong><\/strong><\/p>\n<p><strong>Dan \u0160iruna<\/strong><\/p>\n<p>Jedna  od najstarijih budvanskih manifestacija, fe\u0161ta od ribe, vina i zabave jeste Dan \u0160iruna. Odr\u017eava se svake godine po\u010detkom oktobra, ispred zidina Starog grada.<\/p>\n<p>&#8221; content_last_edited=&#8221;on|phone&#8221; _builder_version=&#8221;4.9.3&#8243; _module_preset=&#8221;default&#8221; body_text_color=&#8221;gcid-cc58e029-1f65-49cb-838f-a75ff8234bb2&#8243; global_colors_info=&#8221;{%22gcid-cc58e029-1f65-49cb-838f-a75ff8234bb2%22:%91%22body_text_color%22%93}&#8221;]<\/p>\n<p><strong><img loading=\"lazy\" decoding=\"async\" src=\"https:\/\/ayconhotels.com\/wp-content\/uploads\/2021\/03\/karneval.jpg\" width=\"300\" height=\"169\" alt=\"\" class=\"wp-image-1330 alignleft size-full\" \/>Budvanski Karneval<\/strong><\/p>\n<p>Budvanski karneval je bogata manifestacija sa nizom sve\u010danosti i priredbi nalik kotorskim fe\u0161tama. Odra\u017eava se u toku maja mjeseca u Budvi.<\/p>\n<p>&nbsp;<\/p>\n<p>&nbsp;<\/p>\n<p>&nbsp;<\/p>\n<p><strong><img loading=\"lazy\" decoding=\"async\" src=\"https:\/\/ayconhotels.com\/wp-content\/uploads\/2021\/03\/grad.jpg\" width=\"300\" height=\"169\" alt=\"\" class=\"wp-image-1329 alignleft size-full\" \/>Grad Teatar<\/strong><br \/>Budva je poznata po kulturnoj manifestaciji Grad teatar, koji je sinonim za pozori\u0161ni \u017eivot crnogorskog primorja tokom ljeta. Grad teatar traje ve\u0107 20 godina, obi\u010dno po\u010dinje u julu a zavr\u0161ava se sredinom avgusta. Osim pozori\u0161ta mogu\u0107e je upoznati i lokalno muzi\u010dko i likovno stvarala\u0161tvo.<\/p>\n<p>&nbsp;<\/p>\n<p>&nbsp;<\/p>\n<p><strong><img loading=\"lazy\" decoding=\"async\" src=\"https:\/\/ayconhotels.com\/wp-content\/uploads\/2021\/03\/kotor.jpg\" width=\"300\" height=\"169\" alt=\"\" class=\"wp-image-1327 alignleft size-full\" \/><\/strong><strong>Boke\u0161ka no\u0107<br \/><\/strong>Bokeljska no\u0107, ili izvorno Boke\u0161ka no\u0107, je tradicionalna sve\u010danost koja se odr\u017eava u Kotoru svake godine, u drugoj polovini avgusta. Ova jedinstvena manifestacija, svojstvena maskenbalu, predstavlja tradiciju i moderno pristupanje organizovanju manifestacija na moru.<br \/>This maneuver aims to maintain the tradition that seeks to portray coastal life and mental fisherman, help and Boke\u0107a. The event also has a competitive character, and at the final parade, the most beautiful and creative &#8220;masks&#8221; are chosen. The town of Kotor is only 18 kilometers away from Budva.<\/p>\n<p>&nbsp;<\/p>\n<p><strong><img loading=\"lazy\" decoding=\"async\" src=\"https:\/\/ayconhotels.com\/wp-content\/uploads\/2021\/03\/Dan-siruna-Budva.jpg\" width=\"300\" height=\"169\" alt=\"\" class=\"wp-image-1328 alignleft size-full\" \/>Dan \u0160iruna<\/strong><br \/>Jedna  od najstarijih budvanskih manifestacija, fe\u0161ta od ribe, vina i zabave jeste Dan \u0160iruna. Odr\u017eava se svake godine po\u010detkom oktobra, ispred zidina Starog grada.<\/p>\n<p>[\/et_pb_tab][et_pb_tab title=&#8221;Things to do&#8221; content_tablet=&#8221;<\/p>\n<p><strong><img src=\"%22https:\/\/ayconhotels.com\/wp-content\/uploads\/2021\/03\/vodeni-park-budva.jpg%22\" width=\"%22300%22\" height=\"%22169%22\" alt=\"%22%22\" class=\"%22wp-image-1325\" alignleft size-full%22 \/>Aqua park<\/strong><\/p>\n<p>Akva-park u Budvi nudi posjetiocima moderne, vodene atrakcije za odrasle i djecu, restoran i kafe. Na teritoriji akva-parka se nalazi vodeno igrali\u0161te za djecu do 10 godina sa prevrtanjem velike kante sa vodom i toboganima. Tako\u0111e, postoji i bazen sa talasima.<\/p>\n<p>Ovaj jedinstveni park zabave na vodi, ima dnevni kapacitet od 6,000 ljudi. Raznovrsne atrakcije i zabave prilago\u0111ene su svim generacijama i omogu\u0107avaju svima da prona\u0111u ne\u0161to u \u010demu \u0107e u\u017eivati u toku boravka u Akva-parku. Aktivna zabava i voda vrlo brzo izazivaju apetit. Odrasli i djeca \u0107e u na\u0161im restoranima na\u0107i svoja omiljena jela: salate, pizze, sladolede ili kola\u010de.<\/p>\n<\/p>\n<p><strong><img src=\"%22https:\/\/ayconhotels.com\/wp-content\/uploads\/2021\/03\/Action-photos-002.jpg%22\" width=\"%22300%22\" height=\"%22169%22\" alt=\"%22%22\" class=\"%22wp-image-1326\" alignleft size-full%22 \/>Parasailing &#8211; parachute flight behind a speedboat<\/strong><\/p>\n<p>Those who are not interested to spend time only on the beach can find other active entertainment. Extreme sports, experiments, vacation  full of adrenaline &#8211; all this can be found on all organized beaches of Montenegro. One of the most interesting, popular and favorite sports for tourists on the Adriatic is parachute flights behind speedboats. <\/p>\n<\/p>\n<p><strong><img src=\"%22https:\/\/ayconhotels.com\/wp-content\/uploads\/2021\/03\/1530000320.jpg%22\" width=\"%22300%22\" height=\"%22169%22\" alt=\"%22%22\" class=\"%22wp-image-1324\" alignleft size-full%22 \/><\/strong><strong>Flyboard<\/strong><\/p>\n<p>FlyBoard u Crnoj Gori je novi oblik ekstremnog sporta i rekreacije. Flyboard predstavlja posebnu plo\u010du, opremljenu sa dvije cijevi povezane sa 18 metara dugim crijevom na turbine motora na vodi. Takva du\u017eina crijeva omogu\u0107uje uspon nad vodom do 10-ak metara.<\/p>\n<\/p>\n<p><strong><img src=\"%22https:\/\/ayconhotels.com\/wp-content\/uploads\/2021\/03\/1501600406-Neu_Teaser_Slider_XR_3_Mobile.jpg%22\" width=\"%22300%22\" height=\"%22169%22\" alt=\"%22%22\" class=\"%22wp-image-1323\" alignleft size-full%22 \/>Ronjenje<\/strong><\/p>\n<p>Ronjenje u Crnoj Gori nec\u0301e ostaviti nikoga ravnodu\u0161nim! Na dnu Jadranskog mora mo\u017eete pronac\u0301i mnogo zanimljivih mjesta, po\u010dev od prirodnih pec\u0301ina sa jedinstvenim koralima i potopljenim ratnim brodovima i avionima, koji, kako ka\u017eu, imaju u svojim oronulim zidovima blago.<\/p>\n<p>&#8221; content_phone=&#8221;<\/p>\n<p><strong><img src=\"%22https:\/\/ayconhotels.com\/wp-content\/uploads\/2021\/03\/vodeni-park-budva.jpg%22\" width=\"%22300%22\" height=\"%22169%22\" alt=\"%22%22\" class=\"%22wp-image-1325\" alignleft size-full%22 \/><\/strong><\/p>\n<p><strong><\/strong><\/p>\n<p><strong><\/strong><\/p>\n<p><strong><\/strong><\/p>\n<p><strong><\/strong><\/p>\n<p><strong><\/strong><\/p>\n<p><strong><\/strong><\/p>\n<p><strong><\/strong><\/p>\n<p><strong><\/strong><\/p>\n<p><strong><\/strong><\/p>\n<p><strong><\/strong><\/p>\n<p><strong>Aqua park<\/strong><\/p>\n<p>Akva-park u Budvi nudi posjetiocima moderne, vodene atrakcije za odrasle i djecu, restoran i kafe. Na teritoriji akva-parka se nalazi vodeno igrali\u0161te za djecu do 10 godina sa prevrtanjem velike kante sa vodom i toboganima. Tako\u0111e, postoji i bazen sa talasima.<\/p>\n<p>Ovaj jedinstveni park zabave na vodi, ima dnevni kapacitet od 6,000 ljudi. Raznovrsne atrakcije i zabave prilago\u0111ene su svim generacijama i omogu\u0107avaju svima da prona\u0111u ne\u0161to u \u010demu \u0107e u\u017eivati u toku boravka u Akva-parku. Aktivna zabava i voda vrlo brzo izazivaju apetit. Odrasli i djeca \u0107e u na\u0161im restoranima na\u0107i svoja omiljena jela: salate, pizze, sladolede ili kola\u010de.<\/p>\n<\/p>\n<p><strong><img src=\"%22https:\/\/ayconhotels.com\/wp-content\/uploads\/2021\/03\/Action-photos-002.jpg%22\" width=\"%22300%22\" height=\"%22169%22\" alt=\"%22%22\" class=\"%22wp-image-1326\" alignleft size-full%22 \/><\/strong><\/p>\n<p><strong><\/strong><\/p>\n<p><strong><\/strong><\/p>\n<p><strong><\/strong><\/p>\n<p><strong><\/strong><\/p>\n<p><strong><\/strong><\/p>\n<p><strong><\/strong><\/p>\n<p><strong><\/strong><\/p>\n<p><strong><\/strong><\/p>\n<p><strong><\/strong><\/p>\n<p><strong><\/strong><\/p>\n<p><strong>Parasailing &#8211; parachute flight behind a speedboat<\/strong><\/p>\n<p>Those who are not interested to spend time only on the beach can find other active entertainment. Extreme sports, experiments, vacation full of adrenaline &#8211; all this can be found on all organized beaches of Montenegro. One of the most interesting, popular and favorite sports for tourists on the Adriatic is parachute flights behind speedboats.<\/p>\n<\/p>\n<p><strong><img src=\"%22https:\/\/ayconhotels.com\/wp-content\/uploads\/2021\/03\/1530000320.jpg%22\" width=\"%22300%22\" height=\"%22169%22\" alt=\"%22%22\" class=\"%22wp-image-1324\" alignleft size-full%22 \/><\/strong><strong><\/strong><\/p>\n<p><strong><\/strong><\/p>\n<p><strong><\/strong><\/p>\n<p><strong><\/strong><\/p>\n<p><strong><\/strong><\/p>\n<p><strong><\/strong><\/p>\n<p><strong><\/strong><\/p>\n<p><strong><\/strong><\/p>\n<p><strong><\/strong><\/p>\n<p><strong><\/strong><\/p>\n<p><strong><\/strong><\/p>\n<p><strong>Flyboard<\/strong><\/p>\n<p>FlyBoard in Montenegro is a new form of extreme sport and recreation. Flyboard is a special plate, equipped with two tubes connected to the water engine turbine by a 18 meter hose. Such a length of hose allows the rise above the water of up to 10 meters.<\/p>\n<\/p>\n<p><strong><img src=\"%22https:\/\/ayconhotels.com\/wp-content\/uploads\/2021\/03\/1501600406-Neu_Teaser_Slider_XR_3_Mobile.jpg%22\" width=\"%22300%22\" height=\"%22169%22\" alt=\"%22%22\" class=\"%22wp-image-1323\" alignleft size-full%22 \/><\/strong><\/p>\n<p><strong><\/strong><\/p>\n<p><strong><\/strong><\/p>\n<p><strong><\/strong><\/p>\n<p><strong><\/strong><\/p>\n<p><strong><\/strong><\/p>\n<p><strong><\/strong><\/p>\n<p><strong><\/strong><\/p>\n<p><strong><\/strong><\/p>\n<p><strong><\/strong><\/p>\n<p><strong><\/strong><\/p>\n<p><strong>Ronjenje<\/strong><\/p>\n<p>Ronjenje u Crnoj Gori nec\u0301e ostaviti nikoga ravnodu\u0161nim! Na dnu Jadranskog mora mo\u017eete pronac\u0301i mnogo zanimljivih mjesta, po\u010dev od prirodnih pec\u0301ina sa jedinstvenim koralima i potopljenim ratnim brodovima i avionima, koji, kako ka\u017eu, imaju u svojim oronulim zidovima blago.<\/p>\n<p>&#8221; content_last_edited=&#8221;off|desktop&#8221; _builder_version=&#8221;4.9.6&#8243; _module_preset=&#8221;default&#8221; body_text_color=&#8221;gcid-cc58e029-1f65-49cb-838f-a75ff8234bb2&#8243; hover_enabled=&#8221;0&#8243; global_colors_info=&#8221;{%22gcid-cc58e029-1f65-49cb-838f-a75ff8234bb2%22:%91%22body_text_color%22%93}&#8221; sticky_enabled=&#8221;0&#8243;]<\/p>\n<p><strong><img loading=\"lazy\" decoding=\"async\" src=\"https:\/\/ayconhotels.com\/wp-content\/uploads\/2021\/03\/vodeni-park-budva.jpg\" width=\"300\" height=\"169\" alt=\"\" class=\"wp-image-1325 alignleft size-full\" \/>Aqua park<\/strong><\/p>\n<p>Ovaj jedinstveni park zabave na vodi, ima dnevni kapacitet od 6,000 ljudi. Raznovrsne atrakcije i zabave prilago\u0111ene su svim generacijama i omogu\u0107avaju svima da prona\u0111u ne\u0161to u \u010demu \u0107e u\u017eivati u toku boravka u Akva-parku. Aktivna zabava i voda vrlo brzo izazivaju apetit. Odrasli i djeca \u0107e u na\u0161im restoranima na\u0107i svoja omiljena jela: salate, pizze, sladolede ili kola\u010de.<\/p>\n<p>&nbsp;<\/p>\n<p>&nbsp;<\/p>\n<p><strong><img loading=\"lazy\" decoding=\"async\" src=\"https:\/\/ayconhotels.com\/wp-content\/uploads\/2021\/03\/Action-photos-002.jpg\" width=\"300\" height=\"169\" alt=\"\" class=\"wp-image-1326 alignleft size-full\" \/>Parasailing &#8211; parachute flight behind a speedboat<\/strong><br \/>Oni koji ne \u017eele da provedu vrijeme samo na pla\u017ei, mogu nac\u0301i drugu aktivnu zabavu. Ekstremni sportovi, eksperimenti, odmor koji je pun adrenalina - mo\u017eete nac\u0301i na svim organizovanim pla\u017eima Crne Gore. Jedan od najzanimljivijih, popularnih i omiljenih sportova za turiste na Jadranu - let sa padobranom iza glisera. Skok padobranom je san iz detinjstva skoro svakog \u010dovjeka koji \u017eudi za osje\u0107ajem slobode I sre\u0107e.<\/p>\n<p>&nbsp;<\/p>\n<p>&nbsp;<\/p>\n<p><strong><img loading=\"lazy\" decoding=\"async\" src=\"https:\/\/ayconhotels.com\/wp-content\/uploads\/2021\/03\/1530000320.jpg\" width=\"300\" height=\"169\" alt=\"\" class=\"wp-image-1324 alignleft size-full\" \/><\/strong><strong>Flyboard<\/strong><br \/>FlyBoard u Crnoj Gori je novi oblik ekstremnog sporta i rekreacije. Flyboard predstavlja posebnu plo\u010du, opremljenu sa dvije cijevi povezane sa 18 metara dugim crijevom na turbine motora na vodi. Takva du\u017eina crijeva omogu\u0107uje uspon nad vodom do 10-ak metara.<\/p>\n<p>&nbsp;<\/p>\n<p>&nbsp;<\/p>\n<p><strong><img loading=\"lazy\" decoding=\"async\" src=\"https:\/\/ayconhotels.com\/wp-content\/uploads\/2021\/03\/1501600406-Neu_Teaser_Slider_XR_3_Mobile.jpg\" width=\"300\" height=\"169\" alt=\"\" class=\"wp-image-1323 alignleft size-full\" \/>Ronjenje<\/strong><br \/>Ronjenje u Crnoj Gori nec\u0301e ostaviti nikoga ravnodu\u0161nim! Na dnu Jadranskog mora mo\u017eete pronac\u0301i mnogo zanimljivih mjesta, po\u010dev od prirodnih pec\u0301ina sa jedinstvenim koralima i potopljenim ratnim brodovima i avionima, koji, kako ka\u017eu, imaju u svojim oronulim zidovima blago.<\/p>\n<p>[\/et_pb_tab][\/et_pb_tabs][\/et_pb_column][\/et_pb_row][et_pb_row _builder_version=&#8221;4.9.1&#8243; _module_preset=&#8221;default&#8221;][et_pb_column type=&#8221;4_4&#8243; _builder_version=&#8221;4.9.1&#8243; _module_preset=&#8221;default&#8221;][et_pb_text _builder_version=&#8221;4.9.1&#8243; _module_preset=&#8221;default&#8221; text_text_color=&#8221;gcid-cc58e029-1f65-49cb-838f-a75ff8234bb2&#8243; header_font=&#8221;Book Antiqua|700|||||||&#8221; header_text_align=&#8221;center&#8221; header_text_color=&#8221;gcid-cc58e029-1f65-49cb-838f-a75ff8234bb2&#8243; global_colors_info=&#8221;{%22gcid-cc58e029-1f65-49cb-838f-a75ff8234bb2%22:%91%22header_text_color%22%93}&#8221;]<\/p>\n<h1>Hoteli u Svetom Stefanu<\/h1>\n<p>[\/et_pb_text][\/et_pb_column][\/et_pb_row][\/et_pb_section][et_pb_section fb_built=&#8221;1&#8243; _builder_version=&#8221;4.9.1&#8243; _module_preset=&#8221;default&#8221; custom_padding=&#8221;0px||0px|||&#8221; da_disable_devices=&#8221;off|off|off&#8221; da_is_popup=&#8221;off&#8221; da_exit_intent=&#8221;off&#8221; da_has_close=&#8221;on&#8221; da_alt_close=&#8221;off&#8221; da_dark_close=&#8221;off&#8221; da_not_modal=&#8221;on&#8221; da_is_singular=&#8221;off&#8221; da_with_loader=&#8221;off&#8221; da_has_shadow=&#8221;on&#8221;][et_pb_row column_structure=&#8221;1_3,1_3,1_3&#8243; _builder_version=&#8221;4.9.1&#8243; _module_preset=&#8221;default&#8221;][et_pb_column type=&#8221;1_3&#8243; _builder_version=&#8221;4.9.1&#8243; _module_preset=&#8221;default&#8221;][\/et_pb_column][et_pb_column type=&#8221;1_3&#8243; _builder_version=&#8221;4.9.1&#8243; _module_preset=&#8221;default&#8221;][dica_divi_carousel show_items_desktop=&#8221;1&#8243; show_items_tablet=&#8221;1&#8243; item_vertical_align=&#8221;center&#8221; advanced_effect=&#8221;1&#8243; arrow_nav_color=&#8221;rgba(0,29,74,0.44)&#8221; arrow_bg_color=&#8221;RGBA(0,0,0,0)&#8221; dots_active_color=&#8221;gcid-cc58e029-1f65-49cb-838f-a75ff8234bb2&#8243; title_background=&#8221;gcid-cc58e029-1f65-49cb-838f-a75ff8234bb2&#8243; subtitle_background=&#8221;gcid-cc58e029-1f65-49cb-838f-a75ff8234bb2&#8243; arrow_show_hover=&#8221;on&#8221; arrow_alignment=&#8221;center&#8221; arrow_font_size=&#8221;42px&#8221; carousel_container_padding=&#8221;10px||10px|0px|true|false&#8221; image_container_margin=&#8221;||5px||false|false&#8221; image_container_padding=&#8221;|8px|0px|8px|false|true&#8221; title_margin=&#8221;5px||||false|false&#8221; _builder_version=&#8221;4.9.3&#8243; _module_preset=&#8221;default&#8221; title_font=&#8221;Book Antiqua||||||||&#8221; title_text_align=&#8221;center&#8221; title_text_color=&#8221;gcid-cc58e029-1f65-49cb-838f-a75ff8234bb2&#8243; title_font_size=&#8221;22px&#8221; subtitle_font=&#8221;Book Antiqua||||||||&#8221; subtitle_text_align=&#8221;center&#8221; subtitle_text_color=&#8221;gcid-cc58e029-1f65-49cb-838f-a75ff8234bb2&#8243; subtitle_font_size=&#8221;22px&#8221; body_text_align=&#8221;center&#8221; body_text_color=&#8221;gcid-cc58e029-1f65-49cb-838f-a75ff8234bb2&#8243; background_color=&#8221;RGBA(0,0,0,0)&#8221; custom_css_main_element=&#8221;box-shadow:         4px 4px 18px 0px rgba(0,0,0,0.3);||&#8221; global_module=&#8221;1616&#8243; saved_tabs=&#8221;all&#8221; locked=&#8221;off&#8221; global_colors_info=&#8221;{%22gcid-cc58e029-1f65-49cb-838f-a75ff8234bb2%22:%91%22title_background%22,%22body_text_color%22,%22subtitle_background%22,%22subtitle_text_color%22,%22title_text_color%22,%22dots_active_color%22%93}&#8221; arrow_nav_color__hover_enabled=&#8221;off|desktop&#8221; transform_styles__hover_enabled=&#8221;off|hover&#8221; transform_scale__hover_enabled=&#8221;off|hover&#8221; transform_translate__hover_enabled=&#8221;off|hover&#8221; transform_rotate__hover_enabled=&#8221;off|hover&#8221; transform_skew__hover_enabled=&#8221;off|hover&#8221; transform_origin__hover_enabled=&#8221;off|hover&#8221; transform_scale__hover=&#8221;105%|105%&#8221;][dica_divi_carouselitem title=&#8221;HOTEL CALIFORNIA&#8221; sub_title=&#8221;by Aycon&#8221; button_text=&#8221;Book Now&#8221; button_url=&#8221;https:\/\/secure.phobs.net\/webservice\/booking\/index.php?&#038;site_id=ajkovic&#038;hotel=745f759fd7ea862a442dba05390c30bf&#8221; button_url_new_window=&#8221;1&#8243; image=&#8221;https:\/\/ayconhotels.com\/wp-content\/uploads\/2021\/03\/0064.jpg&#8221; image_lightbox=&#8221;off&#8221; _builder_version=&#8221;4.9.3&#8243; _dynamic_attributes=&#8221;link_option_url&#8221; _module_preset=&#8221;default&#8221; custom_button=&#8221;on&#8221; button_text_color=&#8221;#FFFFFF&#8221; button_bg_use_color_gradient=&#8221;on&#8221; button_bg_color_gradient_start=&#8221;#f1ca63&#8243; button_bg_color_gradient_end=&#8221;#816a2e&#8221; button_border_width=&#8221;0px&#8221; button_border_color=&#8221;RGBA(0,0,0,0)&#8221; button_border_radius=&#8221;15px&#8221; button_font=&#8221;Open Sans||||||||&#8221; button_use_icon=&#8221;on&#8221; button_on_hover=&#8221;on&#8221; button_alignment=&#8221;center&#8221; link_option_url=&#8221;@ET-DC@eyJkeW5hbWljIjp0cnVlLCJjb250ZW50IjoicG9zdF9saW5rX3VybF9wYWdlIiwic2V0dGluZ3MiOnsicG9zdF9pZCI6IjkyNSJ9fQ==@&#8221;]<\/p>\n<p>Sveti Stefan<br \/><span>\u2605\u2605\u2605\u2605\u2605<\/span><br \/><strong>PONUDA -25%<\/strong><\/p>\n<p>[\/dica_divi_carouselitem][\/dica_divi_carousel][\/et_pb_column][et_pb_column type=&#8221;1_3&#8243; _builder_version=&#8221;4.9.1&#8243; _module_preset=&#8221;default&#8221;][\/et_pb_column][\/et_pb_row][\/et_pb_section][et_pb_section fb_built=&#8221;1&#8243; custom_padding_last_edited=&#8221;on|phone&#8221; _builder_version=&#8221;4.9.1&#8243; _module_preset=&#8221;default&#8221; custom_margin=&#8221;||40px||false|false&#8221; custom_padding=&#8221;0px||0px|||&#8221; custom_padding_tablet=&#8221;&#8221; custom_padding_phone=&#8221;20px||0px||false|false&#8221; da_disable_devices=&#8221;off|off|off&#8221; global_module=&#8221;877&#8243; saved_tabs=&#8221;all&#8221; locked=&#8221;off&#8221; da_is_popup=&#8221;off&#8221; da_exit_intent=&#8221;off&#8221; da_has_close=&#8221;on&#8221; da_alt_close=&#8221;off&#8221; da_dark_close=&#8221;off&#8221; da_not_modal=&#8221;on&#8221; da_is_singular=&#8221;off&#8221; da_with_loader=&#8221;off&#8221; da_has_shadow=&#8221;on&#8221;][et_pb_row custom_padding_last_edited=&#8221;on|tablet&#8221; _builder_version=&#8221;4.9.1&#8243; _module_preset=&#8221;default&#8221; custom_padding=&#8221;40px||4px|||&#8221; custom_padding_tablet=&#8221;0px||||false|false&#8221; custom_padding_phone=&#8221;&#8221;][et_pb_column type=&#8221;4_4&#8243; _builder_version=&#8221;4.9.0&#8243; _module_preset=&#8221;default&#8221;][et_pb_text _builder_version=&#8221;4.9.1&#8243; _module_preset=&#8221;default&#8221; text_text_color=&#8221;#001D4A&#8221; header_font=&#8221;Book Antiqua|700|||||||&#8221; header_text_align=&#8221;center&#8221; global_colors_info=&#8221;{%22gcid-cc58e029-1f65-49cb-838f-a75ff8234bb2%22:%91%22header_text_color%22%93}&#8221; header_text_color=&#8221;gcid-cc58e029-1f65-49cb-838f-a75ff8234bb2&#8243;]<\/p>\n<h1>Istra\u017eite Crnu Goru<\/h1>\n<p>[\/et_pb_text][\/et_pb_column][\/et_pb_row][et_pb_row column_structure=&#8221;1_2,1_2&#8243; use_custom_gutter=&#8221;on&#8221; gutter_width=&#8221;1&#8243; make_equal=&#8221;on&#8221; custom_padding_last_edited=&#8221;on|phone&#8221; _builder_version=&#8221;4.9.2&#8243; _module_preset=&#8221;default&#8221; width_tablet=&#8221;&#8221; width_phone=&#8221;96%&#8221; width_last_edited=&#8221;on|phone&#8221; max_width=&#8221;100%&#8221; module_alignment=&#8221;center&#8221; custom_margin=&#8221;1px|auto|0px|auto|false|false&#8221; custom_padding=&#8221;||0px|||&#8221; custom_padding_tablet=&#8221;&#8221; custom_padding_phone=&#8221;10px||0px||false|false&#8221; locked=&#8221;off&#8221;][et_pb_column type=&#8221;1_2&#8243; _builder_version=&#8221;4.9.2&#8243; _dynamic_attributes=&#8221;link_option_url&#8221; _module_preset=&#8221;default&#8221; background_color=&#8221;rgba(0,0,0,0.2)&#8221; background_image=&#8221;https:\/\/ayconhotels.com\/wp-content\/uploads\/2021\/02\/huge-cruise-liner-ship-port-kotor-city-montenegro.jpg&#8221; background_blend=&#8221;darken&#8221; custom_padding=&#8221;255px|10px|10px|20px|false|false&#8221; link_option_url=&#8221;@ET-DC@eyJkeW5hbWljIjp0cnVlLCJjb250ZW50IjoicG9zdF9saW5rX3VybF9wYWdlIiwic2V0dGluZ3MiOnsicG9zdF9pZCI6IjIzNjMifX0=@&#8221; border_width_all=&#8221;3px&#8221; border_color_all=&#8221;#FFFFFF&#8221; transform_styles__hover_enabled=&#8221;on|hover&#8221; transform_scale__hover_enabled=&#8221;on|hover&#8221; transform_translate__hover_enabled=&#8221;on|desktop&#8221; transform_rotate__hover_enabled=&#8221;on|desktop&#8221; transform_skew__hover_enabled=&#8221;on|desktop&#8221; transform_origin__hover_enabled=&#8221;on|desktop&#8221; transform_scale__hover=&#8221;102%|102%&#8221;][et_pb_text _builder_version=&#8221;4.9.1&#8243; _module_preset=&#8221;default&#8221; text_font=&#8221;Open Sans|700|||||||&#8221; text_text_color=&#8221;#001D4A&#8221; text_font_size=&#8221;22px&#8221; header_2_text_color=&#8221;#FFFFFF&#8221; header_2_font_size=&#8221;30px&#8221; global_colors_info=&#8221;{%22gcid-cc58e029-1f65-49cb-838f-a75ff8234bb2%22:%91%22header_text_color%22%93}&#8221; header_text_color=&#8221;gcid-cc58e029-1f65-49cb-838f-a75ff8234bb2&#8243;]<\/p>\n<h2><strong>Boka Kotorska<\/strong><\/h2>\n<p>[\/et_pb_text][\/et_pb_column][et_pb_column type=&#8221;1_2&#8243; _builder_version=&#8221;4.9.1&#8243; _dynamic_attributes=&#8221;link_option_url&#8221; _module_preset=&#8221;default&#8221; background_color=&#8221;rgba(0,0,0,0.2)&#8221; background_image=&#8221;https:\/\/ayconhotels.com\/wp-content\/uploads\/2021\/02\/The-mausoleum-of-Njegos-870&#215;400-1.jpg&#8221; background_blend=&#8221;darken&#8221; custom_padding=&#8221;255px|10px|10px|20px|false|false&#8221; link_option_url=&#8221;@ET-DC@eyJkeW5hbWljIjp0cnVlLCJjb250ZW50IjoicG9zdF9saW5rX3VybF9wYWdlIiwic2V0dGluZ3MiOnsicG9zdF9pZCI6IjIzNzMifX0=@&#8221; border_width_all=&#8221;3px&#8221; border_color_all=&#8221;#FFFFFF&#8221; transform_scale__hover=&#8221;102%|102%&#8221; transform_scale__hover_enabled=&#8221;on|hover&#8221; transform_styles__hover_enabled=&#8221;on|hover&#8221; transform_translate__hover_enabled=&#8221;on|desktop&#8221; transform_rotate__hover_enabled=&#8221;on|desktop&#8221; transform_skew__hover_enabled=&#8221;on|desktop&#8221; transform_origin__hover_enabled=&#8221;on|desktop&#8221;][et_pb_text _builder_version=&#8221;4.9.0&#8243; _module_preset=&#8221;default&#8221; text_font=&#8221;Open Sans|700|||||||&#8221; text_text_color=&#8221;#001D4A&#8221; text_font_size=&#8221;22px&#8221; header_2_text_color=&#8221;#FFFFFF&#8221; header_2_font_size=&#8221;30px&#8221; global_colors_info=&#8221;{%22gcid-cc58e029-1f65-49cb-838f-a75ff8234bb2%22:%91%22header_text_color%22%93}&#8221; header_text_color=&#8221;gcid-cc58e029-1f65-49cb-838f-a75ff8234bb2&#8243;]<\/p>\n<h2><b>Lov\u0107en<\/b><\/h2>\n<p>[\/et_pb_text][\/et_pb_column][\/et_pb_row][et_pb_row column_structure=&#8221;1_2,1_2&#8243; use_custom_gutter=&#8221;on&#8221; gutter_width=&#8221;1&#8243; make_equal=&#8221;on&#8221; _builder_version=&#8221;4.9.1&#8243; _module_preset=&#8221;default&#8221; width_tablet=&#8221;&#8221; width_phone=&#8221;96%&#8221; width_last_edited=&#8221;on|phone&#8221; max_width=&#8221;100%&#8221; module_alignment=&#8221;center&#8221; custom_margin=&#8221;0px||||false|false&#8221; custom_padding=&#8221;0px||0px||false|false&#8221; locked=&#8221;off&#8221;][et_pb_column type=&#8221;1_2&#8243; _builder_version=&#8221;4.9.1&#8243; _dynamic_attributes=&#8221;link_option_url&#8221; _module_preset=&#8221;default&#8221; background_color=&#8221;rgba(0,0,0,0.2)&#8221; background_image=&#8221;https:\/\/ayconhotels.com\/wp-content\/uploads\/2021\/02\/1593509429.jpg&#8221; background_blend=&#8221;darken&#8221; custom_padding=&#8221;255px|10px|10px|20px|false|false&#8221; link_option_url=&#8221;@ET-DC@eyJkeW5hbWljIjp0cnVlLCJjb250ZW50IjoicG9zdF9saW5rX3VybF9wYWdlIiwic2V0dGluZ3MiOnsicG9zdF9pZCI6IjIzODcifX0=@&#8221; border_width_all=&#8221;3px&#8221; border_color_all=&#8221;#FFFFFF&#8221; transform_scale__hover=&#8221;102%|102%&#8221; transform_scale__hover_enabled=&#8221;on|hover&#8221; transform_styles__hover_enabled=&#8221;on|hover&#8221; transform_translate__hover_enabled=&#8221;on|desktop&#8221; transform_rotate__hover_enabled=&#8221;on|desktop&#8221; transform_skew__hover_enabled=&#8221;on|desktop&#8221; transform_origin__hover_enabled=&#8221;on|desktop&#8221;][et_pb_text _builder_version=&#8221;4.9.0&#8243; _module_preset=&#8221;default&#8221; text_font=&#8221;Open Sans|700|||||||&#8221; text_text_color=&#8221;#001d4a&#8221; text_font_size=&#8221;22px&#8221; header_text_color=&#8221;gcid-cc58e029-1f65-49cb-838f-a75ff8234bb2&#8243; header_2_text_color=&#8221;#FFFFFF&#8221; header_2_font_size=&#8221;30px&#8221; global_colors_info=&#8221;{%22gcid-cc58e029-1f65-49cb-838f-a75ff8234bb2%22:%91%22header_text_color%22%93}&#8221;]<\/p>\n<h2><b>Ada Bojana<\/b><\/h2>\n<p>[\/et_pb_text][\/et_pb_column][et_pb_column type=&#8221;1_2&#8243; _builder_version=&#8221;4.9.1&#8243; _dynamic_attributes=&#8221;link_option_url&#8221; _module_preset=&#8221;default&#8221; background_color=&#8221;rgba(0,0,0,0.2)&#8221; background_image=&#8221;https:\/\/ayconhotels.com\/wp-content\/uploads\/2021\/02\/skadarsko-jezero-crna-gora-1.jpg&#8221; background_blend=&#8221;darken&#8221; custom_padding=&#8221;255px|10px|10px|20px|false|false&#8221; link_option_url=&#8221;@ET-DC@eyJkeW5hbWljIjp0cnVlLCJjb250ZW50IjoicG9zdF9saW5rX3VybF9wYWdlIiwic2V0dGluZ3MiOnsicG9zdF9pZCI6IjIzODEifX0=@&#8221; border_width_all=&#8221;3px&#8221; border_color_all=&#8221;#FFFFFF&#8221; transform_scale__hover=&#8221;102%|102%&#8221; transform_scale__hover_enabled=&#8221;on|hover&#8221; transform_styles__hover_enabled=&#8221;on|hover&#8221; transform_translate__hover_enabled=&#8221;on|desktop&#8221; transform_rotate__hover_enabled=&#8221;on|desktop&#8221; transform_skew__hover_enabled=&#8221;on|desktop&#8221; transform_origin__hover_enabled=&#8221;on|desktop&#8221;][et_pb_text _builder_version=&#8221;4.9.1&#8243; _module_preset=&#8221;default&#8221; text_font=&#8221;Open Sans|700|||||||&#8221; text_text_color=&#8221;#001d4a&#8221; text_font_size=&#8221;22px&#8221; header_text_color=&#8221;gcid-cc58e029-1f65-49cb-838f-a75ff8234bb2&#8243; header_2_text_color=&#8221;#FFFFFF&#8221; header_2_font_size=&#8221;30px&#8221; global_colors_info=&#8221;{%22gcid-cc58e029-1f65-49cb-838f-a75ff8234bb2%22:%91%22header_text_color%22%93}&#8221;]<\/p>\n<h2><b>Skadarsko Jezero<\/b><\/h2>\n<p>[\/et_pb_text][\/et_pb_column][\/et_pb_row][\/et_pb_section][et_pb_section fb_built=&#8221;1&#8243; _builder_version=&#8221;4.9.2&#8243; _module_preset=&#8221;default&#8221; use_background_color_gradient=&#8221;on&#8221; background_color_gradient_start=&#8221;#ffffff&#8221; background_color_gradient_end=&#8221;rgba(0,0,0,0)&#8221; background_color_gradient_end_position=&#8221;61%&#8221; background_color_gradient_overlays_image=&#8221;on&#8221; background_image=&#8221;https:\/\/ayconhotels.com\/wp-content\/uploads\/2021\/03\/mediterranean-sea-1.jpg&#8221; background_position=&#8221;top_center&#8221; width=&#8221;100%&#8221; width_tablet=&#8221;&#8221; width_phone=&#8221;100%&#8221; width_last_edited=&#8221;on|phone&#8221; module_alignment=&#8221;center&#8221; custom_padding=&#8221;222px||||false|false&#8221; da_disable_devices=&#8221;off|off|off&#8221; global_module=&#8221;71&#8243; saved_tabs=&#8221;all&#8221; locked=&#8221;off&#8221; da_is_popup=&#8221;off&#8221; da_exit_intent=&#8221;off&#8221; da_has_close=&#8221;on&#8221; da_alt_close=&#8221;off&#8221; da_dark_close=&#8221;off&#8221; da_not_modal=&#8221;on&#8221; da_is_singular=&#8221;off&#8221; da_with_loader=&#8221;off&#8221; da_has_shadow=&#8221;on&#8221;][et_pb_row _builder_version=&#8221;4.9.0&#8243; _module_preset=&#8221;default&#8221;][et_pb_column type=&#8221;4_4&#8243; _builder_version=&#8221;4.9.0&#8243; _module_preset=&#8221;default&#8221;][et_pb_text _builder_version=&#8221;4.9.3&#8243; _module_preset=&#8221;default&#8221; text_font=&#8221;Nothing You Could Do|500|||||||&#8221; text_font_size=&#8221;60px&#8221; header_text_color=&#8221;gcid-cc58e029-1f65-49cb-838f-a75ff8234bb2&#8243; text_orientation=&#8221;center&#8221; text_font_size_tablet=&#8221;&#8221; text_font_size_phone=&#8221;50px&#8221; text_font_size_last_edited=&#8221;on|phone&#8221; text_line_height_tablet=&#8221;&#8221; text_line_height_phone=&#8221;1.9em&#8221; text_line_height_last_edited=&#8221;on|phone&#8221; global_colors_info=&#8221;{%22gcid-cc58e029-1f65-49cb-838f-a75ff8234bb2%22:%91%22header_text_color%22%93}&#8221;]<\/p>\n<p><span>Aycon Hotels<\/span><\/p>\n<p>[\/et_pb_text][et_pb_text _builder_version=&#8221;4.9.4&#8243; _module_preset=&#8221;default&#8221; text_font=&#8221;Book Antiqua||||||||&#8221; text_font_size=&#8221;21px&#8221; header_text_color=&#8221;gcid-cc58e029-1f65-49cb-838f-a75ff8234bb2&#8243; text_orientation=&#8221;center&#8221; global_colors_info=&#8221;{%22gcid-cc58e029-1f65-49cb-838f-a75ff8234bb2%22:%91%22header_text_color%22%93}&#8221;]<\/p>\n<p>experience your dreams&#8230;<\/p>\n<p>[\/et_pb_text][\/et_pb_column][\/et_pb_row][\/et_pb_section][et_pb_section fb_built=&#8221;1&#8243; _builder_version=&#8221;4.9.0&#8243; _module_preset=&#8221;default&#8221; custom_margin=&#8221;||0px||false|false&#8221; custom_padding=&#8221;0px||0px||false|false&#8221; da_disable_devices=&#8221;off|off|off&#8221; da_is_popup=&#8221;off&#8221; da_exit_intent=&#8221;off&#8221; da_has_close=&#8221;on&#8221; da_alt_close=&#8221;off&#8221; da_dark_close=&#8221;off&#8221; da_not_modal=&#8221;on&#8221; da_is_singular=&#8221;off&#8221; da_with_loader=&#8221;off&#8221; da_has_shadow=&#8221;on&#8221;][et_pb_row _builder_version=&#8221;4.9.0&#8243; _module_preset=&#8221;default&#8221; width=&#8221;100%&#8221; max_width=&#8221;100%&#8221; custom_padding=&#8221;0px||0px|||&#8221;][et_pb_column type=&#8221;4_4&#8243; _builder_version=&#8221;4.9.0&#8243; _module_preset=&#8221;default&#8221;][et_pb_code _builder_version=&#8221;4.9.2&#8243; _module_preset=&#8221;default&#8221; width=&#8221;100%&#8221; max_width=&#8221;100%&#8221; custom_margin=&#8221;0px||0px||true|false&#8221; custom_padding=&#8221;0px||0px||true|false&#8221;]<iframe loading=\"lazy\" src=\"https:\/\/www.google.com\/maps\/d\/u\/0\/embed?mid=1xXG03V7clQwJiXDLcxYlahXOHoKvtsng\" width=\"100%\" height=\"480\"><\/iframe>[\/et_pb_code][\/et_pb_column][\/et_pb_row][\/et_pb_section]<\/p>","protected":false},"excerpt":{"rendered":"<p>Explore Sveti StefanThis small fortified island, today is one of the most\u00a0romantic getaways in Europe. Sveti Stefan is an unusual place that came into existence in a unique way.\u00a0 It stands on the cliff of a rocky island and a sand isthmus looking like a stem connects it with the land. The island has a [&hellip;]<\/p>","protected":false},"author":1,"featured_media":0,"parent":0,"menu_order":0,"comment_status":"closed","ping_status":"closed","template":"","meta":{"_et_pb_use_builder":"on","_et_pb_old_content":"","_et_gb_content_width":"","footnotes":""},"class_list":["post-2113","page","type-page","status-publish","hentry"],"_links":{"self":[{"href":"https:\/\/ayconhotels.com\/me\/wp-json\/wp\/v2\/pages\/2113","targetHints":{"allow":["GET"]}}],"collection":[{"href":"https:\/\/ayconhotels.com\/me\/wp-json\/wp\/v2\/pages"}],"about":[{"href":"https:\/\/ayconhotels.com\/me\/wp-json\/wp\/v2\/types\/page"}],"author":[{"embeddable":true,"href":"https:\/\/ayconhotels.com\/me\/wp-json\/wp\/v2\/users\/1"}],"replies":[{"embeddable":true,"href":"https:\/\/ayconhotels.com\/me\/wp-json\/wp\/v2\/comments?post=2113"}],"version-history":[{"count":18,"href":"https:\/\/ayconhotels.com\/me\/wp-json\/wp\/v2\/pages\/2113\/revisions"}],"predecessor-version":[{"id":5445,"href":"https:\/\/ayconhotels.com\/me\/wp-json\/wp\/v2\/pages\/2113\/revisions\/5445"}],"wp:attachment":[{"href":"https:\/\/ayconhotels.com\/me\/wp-json\/wp\/v2\/media?parent=2113"}],"curies":[{"name":"wp","href":"https:\/\/api.w.org\/{rel}","templated":true}]}}